{"id":80,"date":"2017-11-07T13:21:24","date_gmt":"2017-11-07T13:21:24","guid":{"rendered":"http:\/\/bashkiamirdite.gov.al\/?page_id=80"},"modified":"2024-01-17T11:45:17","modified_gmt":"2024-01-17T10:45:17","slug":"home-1","status":"publish","type":"page","link":"https:\/\/bashkiamirdite.gov.al\/","title":{"rendered":"Mir\u00eb se vini n\u00eb faqen zyrtare t\u00eb Bashkis\u00eb Mirdit\u00eb"},"content":{"rendered":"\n<!-- TOWNPRESS SITEMAP : begin -->\n<section class=\"lsvr-townpress-sitemap\"\n    >\n    <div class=\"c-content-box lsvr-townpress-sitemap__inner\">\n\n                    <span class=\"lsvr-townpress-sitemap__icon icon-road-sign\"\n                aria-hidden=\"true\"><\/span>\n        \n        \n            <header class=\"lsvr-townpress-sitemap__header\">\n                <h2 class=\"lsvr-townpress-sitemap__title lsvr-townpress-sitemap__title--has-icon\">\n\n                                            <span class=\"lsvr-townpress-sitemap__title-icon icon-road-sign\"\n                            aria-hidden=\"true\"><\/span>\n                    \n                    Choose Your Interest\n                <\/h2>\n            <\/header>\n\n        \n        \n            <p class=\"c-alert-message lsvr-townpress-sitemap__message\">\n                Please choose which menu will be used to create this sitemap.            <\/p>\n\n        \n    <\/div>\n<\/section>\n<!-- TOWNPRESS SITEMAP : end -->\n\n\r\n\r\n\n<!-- TOWNPRESS POSTS : begin -->\n<section class=\"lsvr-townpress-posts\"\n    >\n    <div class=\"c-content-box lsvr-townpress-posts__inner\">\n\n                    <span class=\"lsvr-townpress-posts__icon icon-reading\"\n                aria-hidden=\"true\"><\/span>\n        \n        \n            <header class=\"lsvr-townpress-posts__header\">\n                <h2 class=\"lsvr-townpress-posts__title lsvr-townpress-posts__title--has-icon\">\n\n                                            <span class=\"lsvr-townpress-posts__title-icon icon-reading\"\n                            aria-hidden=\"true\"><\/span>\n                    \n                    \n                        <a href=\"https:\/\/bashkiamirdite.gov.al\/?page_id=4259\"\n                            class=\"lsvr-townpress-posts__title-link\">\n\n                    \n                        Latest News\n                    <\/a>\n\n                <\/h2>\n            <\/header>\n\n        \n        <div class=\"lsvr-townpress-posts__content\">\n\n            \n                <ul class=\"lsvr-townpress-posts__list\">\n\n                    \n                        \n                            <li class=\"lsvr-townpress-posts__item lsvr-townpress-posts__item--featured\">\n\n                                <article class=\"lsvr-townpress-posts__post post-8104 post type-post status-publish format-standard hentry category-lajme\">\n                                    <div class=\"lsvr-townpress-posts__post-inner\">\n\n                                        <header class=\"lsvr-townpress-posts__post-header\">\n\n                                            \n                                            <h3 class=\"lsvr-townpress-posts__post-title\">\n                                                <a href=\"https:\/\/bashkiamirdite.gov.al\/?p=8104\" class=\"lsvr-townpress-posts__post-title-link\" rel=\"bookmark\">\n                                                    Takim konsultativ nga Bashkia Mirdit\u00eb, n\u00eb kuad\u00ebr t\u00eb hartimit t\u00eb draft-propozimit p\u00ebr Reform\u00ebn Administrativo-Territoriale.                                                <\/a>\n                                            <\/h3>\n\n                                            <p class=\"lsvr-townpress-posts__post-meta\">\n\n                                                <span class=\"lsvr-townpress-posts__post-meta-date\" role=\"group\">\n                                                    22\/04\/2026                                                <\/span>\n\n                                                <span class=\"lsvr-townpress-posts__post-meta-categories\" role=\"group\">\n                                                    \n\t\t\t<span class=\"post__terms\">\n\t\t\t\tin <a href=\"https:\/\/bashkiamirdite.gov.al\/?cat=1\" class=\"post__term-link\">Lajme<\/a>\t\t\t<\/span>\n\n\t\t                                                <\/span>\n\n                                            <\/p>\n\n                                        <\/header>\n\n                                        <div class=\"lsvr-townpress-posts__post-content\">\n\n                                            \n                                                <p><img loading=\"lazy\" class=\"alignnone size-full wp-image-8105\" src=\"https:\/\/bashkiamirdite.gov.al\/wp-content\/uploads\/2026\/04\/WhatsApp-Image-2026-04-22-at-15.15.33-1.jpeg\" alt=\"\" width=\"3147\" height=\"2467\" \/><\/p>\n<p>Nj\u00eb tryez\u00eb e gjer\u00eb debati mbi rishikimin e ndarjes territoriale dhe forcimin e identitetit administrativ t\u00eb Mirdit\u00ebs u zhvillua k\u00ebt\u00eb t\u00eb m\u00ebrkur\u00eb n\u00eb ambientet e Bashkis\u00eb Mirdit\u00eb.<\/p>\n<p>Takimi u organizua n\u00ebn kujdesin e kryetarit t\u00eb bashkis\u00eb, z.Albert Melyshi dhe mblodhi intelektual\u00eb t\u00eb njohur mirditas, profesor\u00eb, ish-drejtues vendor\u00eb nd\u00ebr vite, specialist\u00eb t\u00eb pushtetit lokal, si dhe p\u00ebrfaq\u00ebsues t\u00eb administrat\u00ebs dhe komunitetit.<\/p>\n<p>N\u00eb fjal\u00ebn e tij hap\u00ebse, z. Melyshi theksoi nevoj\u00ebn p\u00ebr nj\u00eb unifikim q\u00ebndrimesh dhe nd\u00ebrtimin e nj\u00eb perspektive reale p\u00ebr ndarjen territoriale.<\/p>\n<p>Sipas tij, q\u00ebllimi \u00ebsht\u00eb hartimi i nj\u00eb draft-propozimi t\u00eb konsoliduar p\u00ebr t\u2019ia paraqitur Komisionit p\u00ebr Reform\u00ebn Administrativo-Territoriale.<br \/>\nAi vuri n\u00eb dukje se nj\u00eb pjes\u00eb e territoreve historike t\u00eb Mirdit\u00ebs jan\u00eb aktualisht jasht\u00eb kufijve administrativ\u00eb, nd\u00ebrsa shtoi se nj\u00eb dalje e mundshme n\u00eb vij\u00ebn bregdetare do t\u00eb kishte ndikim pozitiv ekonomik.<\/p>\n<p>Gjat\u00eb tryez\u00ebs, pjes\u00ebmarr\u00ebsit analizuan n\u00eb m\u00ebnyr\u00eb t\u00eb zgjeruar pasojat historike dhe aktuale t\u00eb ndarjeve administrative.<\/p>\n<p>U theksua se Mirdita, e njohur tradicionalisht p\u00ebr organizimin n\u00eb 12 bajrak\u00eb \u2013 Oroshi, Spa\u00e7i, Kuzhneni, Fani, Dibri, Selita, Kthella, Rraza, Kryezezi, Bulgri, Vela dhe Manatia; ka p\u00ebsuar nj\u00eb tkurrje t\u00eb ndjeshme territoriale, nga rreth 1715 km\u00b2 historikisht n\u00eb 870.26 km\u00b2 sot.<\/p>\n<p>Pjes\u00ebmarr\u00ebsit n\u00ebnvizuan se rishikimi i ndarjeve administrative \u00ebsht\u00eb nj\u00eb proces i mundsh\u00ebm ligj\u00ebrisht n\u00eb nj\u00eb shtet demokratik dhe duhet t\u00eb bazohet n\u00eb kritere funksionale, ekonomike, historike dhe identitare.<\/p>\n<p>N\u00eb aspektin zhvillimor, u ngrit\u00ebn shqet\u00ebsime p\u00ebr v\u00ebshtir\u00ebsit\u00eb n\u00eb administrimin e zonave malore dhe nevoj\u00ebn p\u00ebr menaxhim m\u00eb efikas t\u00eb burimeve natyrore dhe potencialit turistik.<\/p>\n<p>Gjithashtu, u evidentua fenomeni i emigrimit dhe shpopullimit, duke u theksuar se modeli aktual i reform\u00ebs s\u00eb vitit 2014 nuk ka arritur t\u00eb jap\u00eb rezultatet e pritshme.<\/p>\n<p>Reforma territoriale e vitit 2014, sipas studiuesve, ka qen\u00eb e nj\u00ebanshme dhe e pa konsultuar me pushtetin vendor, duke theksuar se decentralizimi nuk \u00ebsht\u00eb reflektuar n\u00eb sh\u00ebrbime konkrete p\u00ebr qytetar\u00ebt.<\/p>\n<p>Ata soll\u00ebn t\u00eb dh\u00ebna, ku referuar regjistrit t\u00eb Gjendjes Civile, Mirdita ka aktualisht rreth 34 mij\u00eb banor\u00eb, nd\u00ebrsa s\u00eb bashku me zonat e shk\u00ebputura arrin n\u00eb rreth 55 mij\u00eb banor\u00eb, me nj\u00eb kontribut q\u00eb kap mbi 300 milion\u00eb euro n\u00eb GDP komb\u00ebtare.<br \/>\nPo ashtu, diskutimet u fokusuan gjithashtu tek problematika e centralizimit, mbivendosja e kompetencave dhe mungesa e investimeve n\u00eb infrastruktur\u00eb, ve\u00e7an\u00ebrisht n\u00eb zonat rurale.<\/p>\n<p>U k\u00ebrkua q\u00eb \u00e7do ndryshim i ardhsh\u00ebm t\u00eb mb\u00ebshtetet n\u00eb vullnetin e komuniteteve dhe t\u00eb shoq\u00ebrohet me rritje t\u00eb kompetencave vendore.<\/p>\n<p>Tryeza u vler\u00ebsua si nj\u00eb hap i r\u00ebnd\u00ebsish\u00ebm drejt hapjes s\u00eb nj\u00eb debati m\u00eb t\u00eb gjer\u00eb institucional mbi t\u00eb ardhmen administrative dhe zhvillimore t\u00eb Mirdit\u00ebs.<\/p>\n<p><img loading=\"lazy\" class=\"alignnone size-full wp-image-8106\" src=\"https:\/\/bashkiamirdite.gov.al\/wp-content\/uploads\/2026\/04\/WhatsApp-Image-2026-04-22-at-15.15.34-1.jpeg\" alt=\"\" width=\"1198\" height=\"1112\" \/> <img loading=\"lazy\" class=\"alignnone  wp-image-8107\" src=\"https:\/\/bashkiamirdite.gov.al\/wp-content\/uploads\/2026\/04\/WhatsApp-Image-2026-04-22-at-15.15.34.jpeg\" alt=\"\" width=\"1207\" height=\"680\" \/> <img loading=\"lazy\" class=\"alignnone  wp-image-8108\" src=\"https:\/\/bashkiamirdite.gov.al\/wp-content\/uploads\/2026\/04\/WhatsApp-Image-2026-04-22-at-15.15.33-5.jpeg\" alt=\"\" width=\"1210\" height=\"714\" \/> <img loading=\"lazy\" class=\"alignnone  wp-image-8109\" src=\"https:\/\/bashkiamirdite.gov.al\/wp-content\/uploads\/2026\/04\/WhatsApp-Image-2026-04-22-at-15.15.33-4.jpeg\" alt=\"\" width=\"1207\" height=\"680\" \/> <img loading=\"lazy\" class=\"alignnone  wp-image-8110\" src=\"https:\/\/bashkiamirdite.gov.al\/wp-content\/uploads\/2026\/04\/WhatsApp-Image-2026-04-22-at-15.15.33-3.jpeg\" alt=\"\" width=\"1221\" height=\"688\" \/>\u00a0<img loading=\"lazy\" class=\"alignnone  wp-image-8111\" src=\"https:\/\/bashkiamirdite.gov.al\/wp-content\/uploads\/2026\/04\/WhatsApp-Image-2026-04-22-at-15.15.33-2.jpeg\" alt=\"\" width=\"1218\" height=\"686\" \/>\u00a0<img loading=\"lazy\" class=\"alignnone  wp-image-8112\" src=\"https:\/\/bashkiamirdite.gov.al\/wp-content\/uploads\/2026\/04\/WhatsApp-Image-2026-04-22-at-15.15.33.jpeg\" alt=\"\" width=\"1227\" height=\"822\" \/><\/p>\n\n                                            \n                                        <\/div>\n\n                                    <\/div>\n                                <\/article>\n\n                            <\/li>\n\n                        \n                    \n                        \n                            <li class=\"lsvr-townpress-posts__item lsvr-townpress-posts__item--short\">\n\n                                <article class=\"lsvr-townpress-posts__post post-8116 post type-post status-publish format-standard hentry category-lajme\">\n\n                                    <h3 class=\"lsvr-townpress-posts__post-title\">\n                                        <a href=\"https:\/\/bashkiamirdite.gov.al\/?p=8116\" class=\"lsvr-townpress-posts__post-title-link\" rel=\"bookmark\">\n                                            Mir\u00ebprit\u00ebm n\u00eb nj\u00eb vizit\u00eb zyrtare n\u00eb Bashkin\u00eb Mirdit\u00eb, Ambasadorin e Sllovakis\u00eb n\u00eb Shqip\u00ebri z Alb\u00edn Otruba, s\u00eb bashku me Kryetarin e Bashkis\u00eb s\u00eb Pezinokut z. Roman M\u00e1cs dhe Atasheun Ekonomik pran\u00eb Ambasad\u00ebs s\u00eb Sllovakis\u00eb n\u00eb Shqip\u00ebri z. Ivo Hanu\u0161.                                        <\/a>\n                                    <\/h3>\n\n                                    <p class=\"lsvr-townpress-posts__post-meta\">\n                                        <span class=\"lsvr-townpress-posts__post-meta-date\">\n                                            22\/04\/2026                                        <\/span>\n                                    <\/p>\n\n                                <\/article>\n\n                            <\/li>\n\n                        \n                    \n                        \n                            <li class=\"lsvr-townpress-posts__item lsvr-townpress-posts__item--short\">\n\n                                <article class=\"lsvr-townpress-posts__post post-8099 post type-post status-publish format-standard hentry category-lajme category-njoftime\">\n\n                                    <h3 class=\"lsvr-townpress-posts__post-title\">\n                                        <a href=\"https:\/\/bashkiamirdite.gov.al\/?p=8099\" class=\"lsvr-townpress-posts__post-title-link\" rel=\"bookmark\">\n                                            Mbi ecurin\u00eb e Paket\u00ebs s\u00eb Maleve \u2013 Bashkia Mirdit\u00eb                                        <\/a>\n                                    <\/h3>\n\n                                    <p class=\"lsvr-townpress-posts__post-meta\">\n                                        <span class=\"lsvr-townpress-posts__post-meta-date\">\n                                            20\/04\/2026                                        <\/span>\n                                    <\/p>\n\n                                <\/article>\n\n                            <\/li>\n\n                        \n                    \n                        \n                            <li class=\"lsvr-townpress-posts__item lsvr-townpress-posts__item--short\">\n\n                                <article class=\"lsvr-townpress-posts__post post-8048 post type-post status-publish format-standard hentry category-njoftime\">\n\n                                    <h3 class=\"lsvr-townpress-posts__post-title\">\n                                        <a href=\"https:\/\/bashkiamirdite.gov.al\/?p=8048\" class=\"lsvr-townpress-posts__post-title-link\" rel=\"bookmark\">\n                                            NJOFTIM ZYRTAR (P\u00ebr shpalljen e disa zonave me p\u00ebrpar\u00ebsi zhvillimin e ekonomis\u00eb malore n\u00eb Bashkin\u00eb Mirdit\u00eb.)                                        <\/a>\n                                    <\/h3>\n\n                                    <p class=\"lsvr-townpress-posts__post-meta\">\n                                        <span class=\"lsvr-townpress-posts__post-meta-date\">\n                                            17\/04\/2026                                        <\/span>\n                                    <\/p>\n\n                                <\/article>\n\n                            <\/li>\n\n                        \n                    \n                <\/ul>\n\n            \n        <\/div>\n\n        \n            <footer class=\"lsvr-townpress-posts__footer\">\n\n                <p class=\"lsvr-townpress-posts__more\">\n\n                    \n                        <a href=\"https:\/\/bashkiamirdite.gov.al\/?page_id=4259\"\n                            class=\"lsvr-townpress-posts__more-link\">More News<\/a>\n\n                    \n                <\/p>\n\n            <\/footer>\n\n        \n    <\/div>\n<\/section>\n<!-- TOWNPRESS POSTS : end -->\n\n","protected":false},"excerpt":{"rendered":"","protected":false},"author":2,"featured_media":0,"parent":0,"menu_order":0,"comment_status":"closed","ping_status":"closed","template":"","meta":[],"_links":{"self":[{"href":"https:\/\/bashkiamirdite.gov.al\/index.php?rest_route=\/wp\/v2\/pages\/80"}],"collection":[{"href":"https:\/\/bashkiamirdite.gov.al\/index.php?rest_route=\/wp\/v2\/pages"}],"about":[{"href":"https:\/\/bashkiamirdite.gov.al\/index.php?rest_route=\/wp\/v2\/types\/page"}],"author":[{"embeddable":true,"href":"https:\/\/bashkiamirdite.gov.al\/index.php?rest_route=\/wp\/v2\/users\/2"}],"replies":[{"embeddable":true,"href":"https:\/\/bashkiamirdite.gov.al\/index.php?rest_route=%2Fwp%2Fv2%2Fcomments&post=80"}],"version-history":[{"count":10,"href":"https:\/\/bashkiamirdite.gov.al\/index.php?rest_route=\/wp\/v2\/pages\/80\/revisions"}],"predecessor-version":[{"id":4225,"href":"https:\/\/bashkiamirdite.gov.al\/index.php?rest_route=\/wp\/v2\/pages\/80\/revisions\/4225"}],"wp:attachment":[{"href":"https:\/\/bashkiamirdite.gov.al\/index.php?rest_route=%2Fwp%2Fv2%2Fmedia&parent=80"}],"curies":[{"name":"wp","href":"https:\/\/api.w.org\/{rel}","templated":true}]}}